{"version":"1.0","provider_name":"P\u00e1lmafa Project","provider_url":"https:\/\/palmafaproject.cafeblog.hu","author_name":"P\u00e1lmafa","author_url":"https:\/\/palmafaproject.cafeblog.hu\/author\/balassa_zsuzsanna\/","title":"Levendul\u00e1s stressz\u0171z\u0151 ital","html":"Egy hossz\u00fa stresszes h\u00e9t levezet\u00e9sek\u00e9nt aj\u00e1nlom nektek ezt az it\u00f3k\u00e1t. R\u00e1ad\u00e1sul levendulaszezon van, \u00e9s a gy\u00f6ny\u00f6r\u0171 lila vir\u00e1gok egy poh\u00e1r feh\u00e9r italban is pomp\u00e1san mutatnak, arr\u00f3l nem besz\u00e9lve, hogy ut\u00e1na garant\u00e1ltan j\u00f3 fogtok aludni!\r\n\r\n<img class=\"aligncenter size-large wp-image-7304\" src=\"https:\/\/palmafaproject.cafeblog.hu\/files\/2017\/06\/IMG_20170612_220152-600x465.jpg\" alt=\"\" width=\"600\" height=\"465\" \/>Pl\u00e1ne, hogy citromf\u0171 is ker\u00fclt bele frissen meleg\u00e9ben szint\u00e9n a kertb\u0151l \u00e9rkezett. \u00c9n m\u00e9g m\u00e9zet sem tettem bele, el\u00e9g volt a k\u00f3kusztej zs\u00edross\u00e1ga, hogy \u00e9desk\u00e9snek \u00e9rezzem.\r\n\r\nM\u00e1s n\u00f6v\u00e9nyi tejb\u0151l viszont nem igaz\u00e1n tudom ezt az italt a levendula miatt elk\u00e9pzelni, persze att\u00f3l m\u00e9g pr\u00f3b\u00e1lkozhattok vele, \u00edzl\u00e9sek \u00e9s pofonok. R\u00e9gebben sima teh\u00e9n tejb\u0151l k\u00e9sz\u00edtettem hasonl\u00f3t, \u00e9s b\u00e1r nem vagyok tejp\u00e1rti, de ez esetben kiv\u00e9telt tenn\u00e9k \u00e9n is \u00e9s abb\u00f3l k\u00e9sz\u00edten\u00e9m, ha nincs m\u00e1s k\u00e9zn\u00e9l.\r\n\r\n<img class=\"aligncenter size-large wp-image-7305\" src=\"https:\/\/palmafaproject.cafeblog.hu\/files\/2017\/06\/IMG_20170612_215931-600x439.jpg\" alt=\"\" width=\"600\" height=\"439\" \/>\r\n\r\n<strong>Hozz\u00e1val\u00f3k adagonk\u00e9nt<\/strong>\r\n\r\n2 deci k\u00f3kusztej\r\n\r\n1 levendula vir\u00e1g\r\n\r\n3 db citromf\u0171 lev\u00e9l\r\n\r\np\u00e1r csepp m\u00e9z(elhagyhat\u00f3)\r\n\r\nA tejet egy l\u00e1bosba \u00f6nt\u00f6ttem, belemorzsoltam a levendula vir\u00e1gait, a citromf\u00fcvet \u00e9s felforraltam az eg\u00e9szet, majd kb. 5 percre m\u00e9g legal\u00e1bb \u00e1llni hagytam, hogy az \u00edzek jobban \u00f6ssze\u00e9rjenek. Ezut\u00e1n lesz\u0171rtem \u00e9s elkortyoltam.","type":"rich"}