{"version":"1.0","provider_name":"P\u00e1lmafa Project","provider_url":"https:\/\/palmafaproject.cafeblog.hu","author_name":"P\u00e1lmafa","author_url":"https:\/\/palmafaproject.cafeblog.hu\/author\/balassa_zsuzsanna\/","title":"5 tuti g\u00f6r\u00f6gdinny\u00e9s recept","html":"Azonk\u00edv\u00fcl, hogy kanyar\u00edtotok egy sz\u00e9p nagy szeletet a dinny\u00e9b\u0151l, k\u00e9nyelmesen elhelyezkedtek \u00e9s j\u00f3\u00edz\u0171en beleharaptok, hadd csorogjon a dinnyel\u00e9 a nyakatokba, van m\u00e9g n\u00e9h\u00e1ny klassz m\u00f3dja a ny\u00e1r, tal\u00e1n kedvenc gy\u00fcm\u00f6lcs\u00e9nek az elfogyaszt\u00e1s\u00e1ra. Ne lep\u0151djetek meg, hogy az esetek t\u00f6bbs\u00e9g\u00e9ben n\u00e1lam fetasajt ker\u00fcl a g\u00f6r\u00f6gdinnye mell\u00e9, de aki megk\u00f3stolja, az szerintem meg\u00e9rti, hogy mi\u00e9rt kattantam r\u00e1 ennyire....\r\n\r\n\u00d6sszegy\u0171jt\u00f6ttem h\u00e1t p\u00e1r \u00f6tletet az elm\u00falt \u00e9vekb\u0151l, a k\u00e9pre kattintva megtal\u00e1lj\u00e1tok a \"recepteket\".\r\n<p style=\"text-align: center\"><span style=\"color: #ff0000\"><strong>Dinnyeb\u00f3l\u00e9<\/strong><\/span><\/p>\r\n<a href=\"https:\/\/palmafaproject.cafeblog.hu\/2015\/07\/15\/dinnyebole\/\"><img class=\"aligncenter wp-image-4516 size-large\" src=\"https:\/\/palmafaproject.cafeblog.hu\/files\/2015\/07\/DSCF7518-393x600.jpg\" alt=\"DSCF7518\" width=\"393\" height=\"600\" \/><\/a>\r\n<p style=\"text-align: center\"><strong><span style=\"color: #ff0000\">G\u00f6r\u00f6gdinnye fet\u00e1val \u00e9s ment\u00e1val<\/span><\/strong><\/p>\r\n<a href=\"https:\/\/palmafaproject.cafeblog.hu\/2013\/07\/18\/dinnyeeeet-2\/\"><img class=\"aligncenter wp-image-6171 size-full\" src=\"https:\/\/palmafaproject.cafeblog.hu\/files\/2016\/07\/DSCF12231.jpg\" alt=\"DSCF12231\" width=\"226\" height=\"400\" \/><\/a>\r\n<p style=\"text-align: center\"><span style=\"color: #ff0000\"><strong>Dinny\u00e9s gazpacho<\/strong><\/span><\/p>\r\n<a href=\"https:\/\/palmafaproject.cafeblog.hu\/2014\/07\/03\/nyers-leves-gorogdinnye-paradicsom-fetasajt\/\"><img class=\"aligncenter wp-image-2324 size-large\" src=\"https:\/\/palmafaproject.cafeblog.hu\/files\/2014\/07\/DSCF3555-600x381.jpg\" alt=\"DSCF3555\" width=\"600\" height=\"381\" \/><\/a>\r\n<p style=\"text-align: center\"><span style=\"color: #ff0000\"><strong>Dinnyepizza<\/strong><\/span><\/p>\r\n<a href=\"https:\/\/palmafaproject.cafeblog.hu\/2015\/07\/22\/egy-tanyer-nyar-dinnyepizza\/\"><img class=\"aligncenter wp-image-4554 size-large\" src=\"https:\/\/palmafaproject.cafeblog.hu\/files\/2015\/07\/DSCF7818-600x338.jpg\" alt=\"DSCF7818\" width=\"600\" height=\"338\" \/><\/a>\r\n<p style=\"text-align: center\"><strong><span style=\"color: #ff0000\">Ribizlis dinnyeleves<\/span><\/strong><\/p>\r\n<a href=\"https:\/\/palmafaproject.cafeblog.hu\/2013\/08\/07\/ujabb-gyumolcsleves-kompoziciok\/\"><img class=\"aligncenter wp-image-6174 size-large\" src=\"https:\/\/palmafaproject.cafeblog.hu\/files\/2016\/07\/DSCF1346-1-600x338.jpg\" alt=\"DSCF1346\" width=\"600\" height=\"338\" \/><\/a>\r\n\r\n&nbsp;","type":"rich"}