{"version":"1.0","provider_name":"P\u00e1lmafa Project","provider_url":"https:\/\/palmafaproject.cafeblog.hu","author_name":"P\u00e1lmafa","author_url":"https:\/\/palmafaproject.cafeblog.hu\/author\/balassa_zsuzsanna\/","title":"Padlizs\u00e1np\u00f6rk\u00f6lt","html":"Ha hi\u00e1nyzik a p\u00f6rk\u00f6lt \u00edze, illata, ami n\u00e1lam nem gyakran fordul el\u0151 az\u00e9rt azt el\u00e1rulom, t\u00f6k\u00e9letes boldog \u00e9letet \u00e9lek n\u00e9lk\u00fcle, viszont ha m\u00e9\u00e9\u00e9gis, de m\u00e9g sincs kedvem h\u00fast enni, baromi probl\u00e9m\u00e1s vagyok tudom, akkor k\u00e9sz\u00edtek z\u00f6lds\u00e9gb\u0151l valami hasonl\u00f3t. Volt m\u00e1r karfiolos, z\u00f6ldbors\u00f3s \u00e9s most a padlizs\u00e1nra esett a v\u00e1laszt\u00e1s.\r\n\r\n<a href=\"https:\/\/palmafaproject.cafeblog.hu\/files\/2016\/04\/DSCF9505.jpg\"><img class=\"aligncenter size-large wp-image-5810\" src=\"https:\/\/palmafaproject.cafeblog.hu\/files\/2016\/04\/DSCF9505-600x398.jpg\" alt=\"DSCF9505\" width=\"600\" height=\"398\" \/><\/a>A padlizs\u00e1n am\u00fagy az\u00e9rt is j\u00f3 megold\u00e1s az ilyen \"\u00e1lp\u00f6rk\u00f6lth\u00f6z\", mert a text\u00far\u00e1ja kicsit olyan h\u00fasos szerintem, az \u00edze persze nem, viszont az meg\u00a0nem is annyira karakteres, hogy t\u00fals\u00e1gosan kit\u0171nj\u00f6n a paprik\u00e1s alapb\u00f3l, sz\u00f3val a h\u00fasev\u0151k sem tiltakoznak tal\u00e1n ellene. Pl\u00e1ne, hogy laktat\u00f3, ak\u00e1rmilyen k\u00f6rettel is eszitek.\r\n\r\nF\u0151 a v\u00e1ltozatoss\u00e1g, meg a p\u00f6rk\u00f6lt a faz\u00e9kban persze, \u00e9s a h\u00fast igenis le lehet cser\u00e9lni \u00e9s le is kellene sokkal t\u00f6bbsz\u00f6r z\u00f6lds\u00e9gekre. Ez f\u0151leg azoknak sz\u00f3l akik \u00fagy gondolj\u00e1k egy-k\u00e9t napot sem b\u00edrnak ki n\u00e9lk\u00fcle, vagy ink\u00e1bb nem akarnak lemondani r\u00f3la, pedig egy pr\u00f3b\u00e1t meg\u00e9r higgy\u00e9tek el!\r\n\r\n<a href=\"https:\/\/palmafaproject.cafeblog.hu\/files\/2016\/04\/DSCF9506.jpg\"><img class=\"aligncenter size-large wp-image-5811\" src=\"https:\/\/palmafaproject.cafeblog.hu\/files\/2016\/04\/DSCF9506-600x338.jpg\" alt=\"DSCF9506\" width=\"600\" height=\"338\" \/><\/a><strong>Hozz\u00e1val\u00f3k 2 f\u0151re:<\/strong>\r\n\r\n1 db nagyobb padlizs\u00e1n\r\n\r\n2 deci barna rizs\r\n\r\n1 db paprika\r\n\r\n1 db paradicsom\r\n\r\n1 kis fej v\u00f6r\u00f6shagyma\r\n\r\n1 duci gerezd fokhagyma\r\n\r\n1 ev\u0151kan\u00e1l \u0151r\u00f6lt piros paprika\r\n\r\ns\u00f3, bors\r\n\r\n1 ev\u0151kan\u00e1l k\u00f3kuszolaj\r\n\r\nA padlizs\u00e1nt, paprik\u00e1t, paradicsomokat kisebb kock\u00e1kra v\u00e1gytam, a hagym\u00e1kat szint\u00e9n felapr\u00edtottam. Kev\u00e9s k\u00f3kuszolajon megp\u00e1roltam \u0151ket, hozz\u00e1adtam minden z\u00f6lds\u00e9get, bef\u0171szereztem, kicsit \u00e1tforgattam, majd fel\u00f6nt\u00f6ttem kev\u00e9s v\u00edzzel, ahogy a hagyom\u00e1nyos p\u00f6rk\u00f6lt eset\u00e9ben is t\u00f6rt\u00e9nik. Kb. amennyi f\u00e9lig ellepi, azt\u00e1n lehet p\u00f3tolni, ha elp\u00e1rologna, m\u00edg a kellemesen szaftos \u00e1llagot el nem \u00e9rt\u00fck \u00e9s a z\u00f6lds\u00e9gek is \u00e1tpuhultak.\r\n\r\nA barna rizst dupla mennyis\u00e9g\u0171 enyh\u00e9n s\u00f3s v\u00edzben feltettem f\u0151ni, \u00e9s a padlizs\u00e1np\u00f6rk\u00f6lt mell\u00e9 t\u00e1laltam.","type":"rich"}