{"version":"1.0","provider_name":"P\u00e1lmafa Project","provider_url":"https:\/\/palmafaproject.cafeblog.hu","author_name":"P\u00e1lmafa","author_url":"https:\/\/palmafaproject.cafeblog.hu\/author\/balassa_zsuzsanna\/","title":"Tejmentes eperpuding h\u00e1zilag","html":"Mi\u00e9rt k\u00e9ne bolti m\u0171pudingot enni, ha az otthon f\u0151z\u00f6tt sz\u00e1zszor finomabb \u00e9s semmivel sem tart tov\u00e1bb az elk\u00e9sz\u00edt\u00e9se?\r\n\r\n<a href=\"https:\/\/palmafaproject.cafeblog.hu\/files\/2015\/05\/DSCF7262.jpg\"><img class=\"aligncenter size-large wp-image-4199\" src=\"https:\/\/palmafaproject.cafeblog.hu\/files\/2015\/05\/DSCF7262-600x424.jpg\" alt=\"DSCF7262\" width=\"600\" height=\"424\" \/><\/a>Hirtelen \u00f6tlet volt, ugyanis s\u00fctem\u00e9nybe kellett volna pudingot t\u00f6lteni, de nem akartam zacsk\u00f3sat, \u00e9s tejeset. Volt viszont itthon eper b\u0151ven, \u00edgy k\u00eds\u00e9rletezni t\u00e1madt kedvem. F\u0151ztem m\u00e1r van\u00edli\u00e1sat, k\u00f3kuszosat, de mindegyiket tejjel.\r\n\r\nMennyei lett, \u00e9s az \u00e1llaga is t\u00f6k\u00e9letes, ha nem tudn\u00e1m, hogy nincs benne tej, azt hinn\u00e9m van... S\u0151t m\u00e9g majdnem teljesen glut\u00e9nmentes is, hiszen kukoricakem\u00e9ny\u00edt\u0151vel s\u0171r\u00edtettem be \u00e9s csak a v\u00e9g\u00e9n adtam hozz\u00e1 p\u00e1r kan\u00e1l zabkorp\u00e1t. Igaz\u00e1b\u00f3l, ha t\u00f6bb kem\u00e9ny\u00edt\u0151t vagy k\u00f3kuszt tesztek bele akkor a korpa elhagyhat\u00f3 bel\u0151le, s\u0151t van egy jobb \u00f6tletem, tehettek hozz\u00e1 b\u00e1rmilyen mag\u0151rlem\u00e9nyt, mandula szerintem kimondottan passzolna. \u00cdgy a liszt\u00e9rz\u00e9kenyek sem maradnak ki a j\u00f3b\u00f3l.\r\n\r\nEgyszer\u0171, gyorsan \u00f6sszedobhat\u00f3, csak addig kell t\u00fcrelmesnek lenni, m\u00edg kih\u0171l. B\u00e1r \u00e9n langyosan is elnyammogn\u00e1m...\r\n\r\n<a href=\"https:\/\/palmafaproject.cafeblog.hu\/files\/2015\/05\/DSCF7261.jpg\"><img class=\"aligncenter size-large wp-image-4200\" src=\"https:\/\/palmafaproject.cafeblog.hu\/files\/2015\/05\/DSCF7261-600x445.jpg\" alt=\"DSCF7261\" width=\"600\" height=\"445\" \/><\/a><strong>Hozz\u00e1val\u00f3k 2 poh\u00e1rhoz:<\/strong>\r\n\r\n25 dkg eper\r\n\r\n3 deci v\u00edz\r\n\r\n1 toj\u00e1s s\u00e1rg\u00e1ja\r\n\r\n2 ev\u0151kan\u00e1l kukoricakem\u00e9ny\u00edt\u0151\r\n\r\n3 csapott ev\u0151kan\u00e1l zabkorpa\r\n\r\n2 ev\u0151kan\u00e1l k\u00f3kuszreszel\u00e9k\r\n\r\n4 csapott ev\u0151kan\u00e1l ny\u00edrfacukor\r\n\r\n1 f\u00e9l mokk\u00e1skan\u00e1l van\u00edliapor v 1 db van\u00edliar\u00fad kikapart belseje\r\n\r\nAz epret megtiszt\u00edtottam apr\u00f3 darabokra v\u00e1gtam, fel\u00f6nt\u00f6ttem v\u00edzzel \u00e9s leturmixoltam.\r\n\r\nHozz\u00e1kevertem a toj\u00e1s s\u00e1rg\u00e1j\u00e1t, a kem\u00e9ny\u00edt\u0151t, cukrot \u00e9s a van\u00edliaport. Feltettem a g\u00e1zra \u00e9s folyamatos kever\u00e9s mellett felforraltam, mikor s\u0171r\u0171s\u00f6dni kezdett hozz\u00e1sz\u00f3rtam a zabkorp\u00e1t \u00e9s a k\u00f3kuszreszel\u00e9ket, \u00e9s elz\u00e1rtam alatta a g\u00e1zt. Poharakba t\u00f6lt\u00f6ttem \u00e9s kih\u0171t\u00f6ttem.\r\n\r\n<a href=\"https:\/\/palmafaproject.cafeblog.hu\/files\/2015\/05\/DSCF7260.jpg\"><img class=\"aligncenter size-large wp-image-4201\" src=\"https:\/\/palmafaproject.cafeblog.hu\/files\/2015\/05\/DSCF7260-600x338.jpg\" alt=\"DSCF7260\" width=\"600\" height=\"338\" \/><\/a>","type":"rich"}