{"version":"1.0","provider_name":"P\u00e1lmafa Project","provider_url":"https:\/\/palmafaproject.cafeblog.hu","author_name":"P\u00e1lmafa","author_url":"https:\/\/palmafaproject.cafeblog.hu\/author\/balassa_zsuzsanna\/","title":"Mi\u00e9rt \u00e9ppen Mal\u00e1jzia?","html":"Nos, a v\u00e1laszt m\u00e9g \u00e9n sem kaptam meg, de f\u0151z\u00e9s helyett most utazom egy kicsit, \u00e9s gondoltam megosztom Veletek az \u00e9lm\u00e9nyeket m\u00e9g frissen begy\u0171jtve, h\u00e1tha erre t\u00e9vedtek. T\u00f6bb r\u00e9szes lesz, neh\u00e9z r\u00f6viden \u00e9s t\u00f6m\u00f6ren mes\u00e9lni err\u0151l. Az\u00e9rt term\u00e9szetesen eszem is, \u00fagyhogy lesz kaj\u00e1r\u00f3l is sz\u00f3 b\u0151ven, b\u00e1r ez vicces, mert soha nem tudom, hogy \u00e9ppen mi van a t\u00e1ny\u00e9romon...\r\n\r\n<a href=\"https:\/\/palmafaproject.cafeblog.hu\/files\/2015\/04\/DSCF6302.jpg\"><img class=\"aligncenter size-large wp-image-3838\" src=\"https:\/\/palmafaproject.cafeblog.hu\/files\/2015\/04\/DSCF6302-338x600.jpg\" alt=\"DSCF6302\" width=\"338\" height=\"600\" \/><\/a>Hogy ker\u00fcltem Mal\u00e1jzi\u00e1ba? Hm, ez ism\u00e9t egy m\u00e1sik blog bejegyz\u00e9se lehetne, \u00fagyhogy hagyjuk is. Der\u00fclt \u00e9gb\u0151l vill\u00e1mcsap\u00e1sk\u00e9nt j\u00f6tt egy lehet\u0151s\u00e9g \u00e9s miut\u00e1n az \u00e1ram\u00fct\u00e9sb\u0151l feleszm\u00e9ltem, r\u00f6gt\u00f6n lesokkol\u00f3dtam m\u00e9g egyszer, majd miut\u00e1n abb\u00f3l is magamhoz t\u00e9rtem, \u00fagy d\u00f6nt\u00f6ttem\u00a0\u00e9lek a lehet\u0151s\u00e9ggel \u00e9s itt vagyok ragyogok m\u00e1sf\u00e9l h\u00e9tig \u00e9s ez\u00e9rt igyekszem h\u00e1l\u00e1snak lenni a sorsnak.\r\n\r\n<a href=\"https:\/\/palmafaproject.cafeblog.hu\/files\/2015\/04\/DSCF6333.jpg\"><img class=\"aligncenter size-large wp-image-3844\" src=\"https:\/\/palmafaproject.cafeblog.hu\/files\/2015\/04\/DSCF6333-600x338.jpg\" alt=\"DSCF6333\" width=\"600\" height=\"338\" \/><\/a>Sosem utaztam m\u00e9g tengeren t\u00falra, Eur\u00f3p\u00e1n bel\u00fcl r\u00f6pk\u00f6dtem m\u00e1r fapaddal annak minden el\u0151ny\u00e9vel \u00e9s h\u00e1tr\u00e1ny\u00e1val egy\u00fctt. Most viszont eg\u00e9szen m\u00e1s v\u00e1rt r\u00e1m, nem p\u00e1r \u00f3ra, hanem 16 \u00f3ra utaz\u00e1s, amib\u0151l 12 a rep\u00fcl\u00e9s \u00f6sszesen. M\u00e9g j\u00f3, hogy szeretek sz\u00e1rnyalni... Azt nem mondom, hogy nem f\u00e1raszt\u00f3, hiszen az id\u0151eltol\u00f3d\u00e1s miatt \u00e9jjel utaztam (6 \u00f3r\u00e1val j\u00e1rok el\u0151r\u00e9bb), viszont \u00fagy \u00e9reztem el\u00e9g gyorsan eltelt az id\u0151. Ehhez nagyban hozz\u00e1j\u00e1rult azt hiszem az Emirates l\u00e9git\u00e1rsas\u00e1g profizmusa, na meg persze, a p\u00e1nik gomb folyamatos nyomkod\u00e1sa, nehogy v\u00e9letlen\u00fcl Kambodzs\u00e1ban landoljak...\r\n\r\nKonkr\u00e9tan v\u00e9gig etettek \u00e9s itattak Budapest\u0151l Dubaiig, majd 4 \u00f3ra v\u00e1rkoz\u00e1s ut\u00e1n Dubait\u00f3l Kuala Lumpurig. H\u00e1t \u00e9n ettem, b\u00e1r ez komoly kal\u00f3ria megterhel\u00e9ssel az\u00e9rt nem j\u00e1rt, mivel kis adagokat szolg\u00e1lnak fel, de ez abszol\u00fat nem panasz, mert pont el\u00e9g, hogy j\u00f3l lakjon az ember gasztroblogger l\u00e1nya. A h\u00e1ts\u00f3fert\u00e1ly n\u00f6vel\u0151 kekszeket pedig elteszi k\u00e9s\u0151bbre \u00e9henhal\u00e1s ellen...\r\n\r\n<a href=\"https:\/\/palmafaproject.cafeblog.hu\/files\/2015\/04\/20150408_171158.jpg\"><img class=\"aligncenter size-large wp-image-3846\" src=\"https:\/\/palmafaproject.cafeblog.hu\/files\/2015\/04\/20150408_171158-600x360.jpg\" alt=\"20150408_171158\" width=\"600\" height=\"360\" \/><\/a>A vacsor\u00e1n\u00e1l el\u0151\u00e9telnek f\u00fcst\u00f6lt lazac j\u00e1rt, f\u0151\u00e9telnek b\u00e1r\u00e1ny kuszkusszal \u00e9s spen\u00f3ttal, desszert csoki mousse, majd egy \u00f3ra m\u00falva n\u00e9mi van\u00edlia fagyi is lecs\u00faszott, mert az az \u00e9jszaka k\u00f6zep\u00e9n fontos...\r\n\r\n<a href=\"https:\/\/palmafaproject.cafeblog.hu\/files\/2015\/04\/20150408_171522.jpg\"><img class=\"aligncenter size-large wp-image-3847\" src=\"https:\/\/palmafaproject.cafeblog.hu\/files\/2015\/04\/20150408_171522-600x360.jpg\" alt=\"20150408_171522\" width=\"600\" height=\"360\" \/><\/a>B\u00e1r mikor megl\u00e1ttam a men\u00fcn az apr\u00f3 bet\u0171s r\u00e9szt kiss\u00e9 megijedtem. Hal\u00e1li.\r\n\r\n<a href=\"https:\/\/palmafaproject.cafeblog.hu\/files\/2015\/04\/20150408_151535.jpg\"><img class=\"aligncenter size-large wp-image-3845\" src=\"https:\/\/palmafaproject.cafeblog.hu\/files\/2015\/04\/20150408_151535-600x360.jpg\" alt=\"20150408_151535\" width=\"600\" height=\"360\" \/><\/a>Szomjat oltani a kedvenc it\u00f3k\u00e1m a mang\u00f3l\u00e9 lett, de az anan\u00e1sz is isteni, ut\u00f3lag sajn\u00e1ltam, hogy a feh\u00e9rbor kimaradt, na de megyek \u00e9n majd visszafel\u00e9 is.... K\u00f6zben a leg\u00fajabb filmeket n\u00e9zheti a nagy \u00e9rdem\u0171 az \u00fcl\u00e9sek h\u00e1tt\u00e1ml\u00e1j\u00e1ba szerelt \"v\u00e1sznon\", kisp\u00e1rna, takar\u00f3 (nem hazavihet\u0151...), j\u00e1rulnak hozz\u00e1 \u00a0a k\u00e9nyelemhez, meleg illatos v\u00edzbe \u00e1ztatott mini t\u00f6r\u00f6lk\u00f6z\u0151k (ez sem hazavihet\u0151) pedig a megf\u00e1radt szemek, arc, vagy \u00e9ppen a kezek tisztas\u00e1g\u00e1hoz.\r\n\r\nAzt\u00e1n landol\u00e1s ut\u00e1n 4 \u00f3ra v\u00e1rakoz\u00e1s k\u00f6vetkezett Dubaiban, ahol a rept\u00e9r tulajdonk\u00e9ppen egy nagy pl\u00e1za, de hajnalban a shoppingol\u00e1shoz nem \u00e9reztem valahogy k\u00e9sztet\u00e9st.\r\n\r\n<a href=\"https:\/\/palmafaproject.cafeblog.hu\/files\/2015\/04\/20150408_232918.jpg\"><img class=\"aligncenter size-large wp-image-3848\" src=\"https:\/\/palmafaproject.cafeblog.hu\/files\/2015\/04\/20150408_232918-600x360.jpg\" alt=\"20150408_232918\" width=\"600\" height=\"360\" \/><\/a>Hajnali f\u00e9l 3kor ism\u00e9t a fellegekben j\u00e1rtam, a reggeli volt t\u00e1n csak felejthet\u0151, furcsa volt v\u00e1lasztani a sajtos omlett \u00e9s a csirke curry k\u00f6z\u00fcl, gondoltam ut\u00f3bbi nem biztos, hogy j\u00f3l esne hajnalban, de a g\u00e9pen terjeng\u0151 illatokb\u00f3l \u00edt\u00e9lve r\u00e1j\u00f6ttem, hogy m\u00e9gis ez volt a kap\u00f3sabb, annyira, hogy a mellettem utaz\u00f3 h\u00f6lgy le is maradt r\u00f3la. \u00cdgy omlettel \u00e9rte be \u0151 is, b\u00e1r meg\u00e1llap\u00edtottuk, hogy ezt nyilv\u00e1n nem most dobt\u00e1k \u00f6ssze a pil\u00f3taf\u00fclk\u00e9ben ez ink\u00e1bb csak toj\u00e1sport l\u00e1tott, de ism\u00e9t volt hozz\u00e1 spen\u00f3t feny\u0151maggal. \u00c9\u00e9\u00e9s curry \u00edz\u0171 z\u00f6lds\u00e9gfas\u00edrt.\r\n\r\nAlv\u00e1s nem sok volt r\u00e9szemr\u0151l, de tal\u00e1n jobb is, mert lehet ennek k\u00f6sz\u00f6nhetem, hogy az id\u0151eltol\u00f3d\u00e1s nem viselt meg \u00e9s aznap \u00e9jjel m\u00e1r eg\u00e9sz j\u00f3l tudtam aludni, pedig akkor nekem m\u00e9g otthoni id\u0151 szerint csak d\u00e9lut\u00e1n volt ugyeb\u00e1r.\r\n\r\n<a href=\"https:\/\/palmafaproject.cafeblog.hu\/files\/2015\/04\/20150409_092716.jpg\"><img class=\"aligncenter size-large wp-image-3850\" src=\"https:\/\/palmafaproject.cafeblog.hu\/files\/2015\/04\/20150409_092716-600x360.jpg\" alt=\"20150409_092716\" width=\"600\" height=\"360\" \/><\/a>Az els\u0151 kellemes \u00e9s kellemetlen meglepet\u00e9s is a rep\u00fcl\u0151t\u00e9ren \u00e9rt, mikor felnyal\u00e1boltam a b\u0151r\u00f6nd\u00f6met, hogy h\u00fazkodjam magam ut\u00e1n ism\u00e9t b\u0151szen, de miss szemszon\u00e1jt meggondolta mag\u00e1t \u00e9s a kerek\u00e9r\u0151l valami \u00edz\u00e9bigy\u00f3 leesett, \u00e9s konkr\u00e9tan nem forgott rendesen. Gondolom nem \u00e9ppen k\u00edm\u00e9letes m\u00f3don tette meg az \u00fatj\u00e1t a g\u00e9p raktere \u00e9s a termin\u00e1l k\u00f6z\u00f6tt. Hossz\u00fa s\u00edpsz\u00f3 k\u00e1romkod\u00e1s, mivel egyr\u00e9szt k\u00f6lcs\u00f6n b\u0151r\u00f6nd m\u00e1sr\u00e9szt elk\u00e9pzeltem,hogy a h\u00e1tamon viszem a f\u00e9l lak\u00e1som tov\u00e1bb... Azt\u00e1n ism\u00e9t gurulni kezdett a kis dr\u00e1ga, b\u00e1r az iz\u00e9bigy\u00f3 n\u00e9lk\u00fcl...\r\n\r\nA kellemes meglepet\u00e9s, hogy a termin\u00e1lb\u00f3l ki sem kellett j\u00f6nni, csak megv\u00e1rni, m\u00edg a v\u00e1ros k\u00f6zpontba k\u00f6zleked\u0151 vonat beg\u00f6rd\u00fcl. Non-stop k\u00f6zlekedik eg\u00e9sz bar\u00e1ti \u00e1ron. Budapest p\u00e9ld\u00e1t vehetne...\r\n\r\n<a href=\"https:\/\/palmafaproject.cafeblog.hu\/files\/2015\/04\/20150410_184735.jpg\"><img class=\"aligncenter size-large wp-image-3851\" src=\"https:\/\/palmafaproject.cafeblog.hu\/files\/2015\/04\/20150410_184735-600x360.jpg\" alt=\"20150410_184735\" width=\"600\" height=\"360\" \/><\/a>A hotelom <del>egyetlen<\/del> el\u0151nye, hogy KL Sentral vagyis a k\u00f6zponti \u00e1llom\u00e1s m\u00f6g\u00f6tt van, kb. 3 perc s\u00e9t\u00e1ra, abb\u00f3l 2-t egy csilli villi pl\u00e1z\u00e1n kereszt\u00fcl teszek meg. A marad\u00e9k egyet pedig egy olyan sik\u00e1torban, amin \u00e9jszaka nem menn\u00e9k kereszt\u00fcl... A sz\u00e1llod\u00e1nak tov\u00e1bbi el\u0151nyei nincsenek, gondoltam megv\u00e1rom a m\u00e1snap reggelt, hogy kisimult arccal majd tal\u00e1lok. \u00d6\u00f6\u00f6, van \u00e1gyam \u00e9s folyik v\u00edz a csapb\u00f3l. Ennyit siker\u00fclt \u00f6sszehozni. \u00c9s ez j\u00f3l van \u00edgy, a turista aki ide eljut, csendben van \u00e9s \u00f6r\u00fcl, hisz nem a szob\u00e1ban mulatja az idej\u00e9t \u00fagyse...\r\n\r\nEzzel v\u00edgasztaltam magam legal\u00e1bbis. De att\u00f3l m\u00e9g \u0151szinte leszek \u00e9s le\u00edrom, hogy b\u00fcd\u00f6s van. Mindenhol. Az utc\u00e1n, a szob\u00e1mban, mindenhol b\u0171zt \u00e9rzek, pedig akik ismernek tudj\u00e1k, hogy az \u00e9n orrom nem k\u00e9nyes. Lehet csak eur\u00f3pai \u00e9s hozz\u00e1 kell szoknom az itteni viszonyokhoz? Ok, alkalmazkodom, akkor ehhez is.\r\n\r\nDe kosz is van. Nem kev\u00e9s. A puccos pl\u00e1za mellett meg gett\u00f3. Kimer\u00e9szkedtem az utc\u00e1ra, de mikor z\u00e9r\u00f3 alv\u00e1s ut\u00e1n megcsapott a h\u0151s\u00e9g \u00e9s a 9O fokos p\u00e1ratartalom, \u00e9s ism\u00e9t a b\u0171z \u00e9s a kosz, akkor ink\u00e1bb menek\u00fcl\u0151re fogtam vissza a szob\u00e1mba. Ezekhez is nyilv\u00e1n alkalmazkodom. Majd holnap.\r\n\r\n<a href=\"https:\/\/palmafaproject.cafeblog.hu\/files\/2015\/04\/20150409_184153.jpg\"><img class=\"aligncenter size-large wp-image-3852\" src=\"https:\/\/palmafaproject.cafeblog.hu\/files\/2015\/04\/20150409_184153-600x360.jpg\" alt=\"20150409_184153\" width=\"600\" height=\"360\" \/><\/a>Gondoltam elh\u00fazom a koszos f\u00fcgg\u00f6nyt \u00e9s a kil\u00e1t\u00e1s tuti mes\u00e9s lesz fentr\u0151l.\r\n\r\n<a href=\"https:\/\/palmafaproject.cafeblog.hu\/files\/2015\/04\/20150409_170745.jpg\"><img class=\"aligncenter size-large wp-image-3853\" src=\"https:\/\/palmafaproject.cafeblog.hu\/files\/2015\/04\/20150409_170745-360x600.jpg\" alt=\"20150409_170745\" width=\"360\" height=\"600\" \/><\/a>Ja...ink\u00e1bb visszah\u00faztam \u00e9s lefek\u00fcdtem aludni. Ami eleinte nehezen ment, mert a l\u00e9gkondi hangos, le\u00e1ll\u00edtani nem lehet, ablakot nyitni szint\u00e9n nem, mert kint is zaj van, azt\u00e1n d\u00f6r\u00f6g vill\u00e1mlik, azt\u00e1n f\u00e9l \u00f3r\u00e1nk\u00e9nt megsz\u00f3lal valami k\u00f6zeli mecsetben az im\u00e1ra h\u00edv\u00f3 zene, \u00edgy \u00e9n is arra kulcsoltam a kezem, hogy ezt t\u00fal\u00e9ljem, bebugyol\u00e1ltam magam egy steril kend\u0151be \u00e9s k\u00f3m\u00e1ba estem reggel f\u00e9l 9ig.\r\n\r\nEgy j\u00f3 reggeli ut\u00e1n \u00e1h\u00edtoztam....de hi\u00e1ba...\r\n\r\nDe azt\u00e1n felt\u00e1madtam poraimb\u00f3l \u00e9s m\u00e1r szebbnek l\u00e1ttam a v\u00e1rost t\u00e9nyleg, becssz\u00f3, bizony\u00edt\u00e9k holnap!\r\n\r\nFolyt.k\u00f6v.","type":"rich"}