{"version":"1.0","provider_name":"P\u00e1lmafa Project","provider_url":"https:\/\/palmafaproject.cafeblog.hu","author_name":"P\u00e1lmafa","author_url":"https:\/\/palmafaproject.cafeblog.hu\/author\/balassa_zsuzsanna\/","title":"Fitt alm\u00e1s-zabos pite","html":"<p style=\"text-align: justify\">A h\u00e9tv\u00e9gi desszert v\u00e1laszt\u00e1som egy alm\u00e1s s\u00fctire esett, mert n\u00e1lam az alma olyan a konyh\u00e1ban, mint a s\u00f3, mindig van itthon \u00e9s minden nap elropogtat\u00e1sra ker\u00fcl egy darab nyersen. Ha viszont k\u00fcl\u00f6n\u00f6sen sok van bel\u0151le \u00e9s olyan vend\u00e9g \u00e9rkezik aki \u00e9ppen azon van, hogy szuper szexiv\u00e9 \"k\u00e1rcs\u00fasodjon\" amiben \u00e9n abszol\u00fat t\u00e1mogatom, ha kell jelk\u00e9pesen sejhajon billentem, ha \u00e9ppen a rossz min\u0151s\u00e9g\u0171 hamburgerekr\u0151l fant\u00e1zi\u00e1lna \u00e9s feladn\u00e1. Ha pedig ez a dr\u00e1ga m\u00e9g receptet is aj\u00e1nl, hogy \"eeezteeeeztcsin\u00e1ljukmeeeeg \"akkor nan\u00e1, hogy h\u00e1mozok reszelek, hozz\u00e1adok, elveszek vari\u00e1lok picit szok\u00e1s szerint.<\/p>\r\n<a href=\"https:\/\/palmafaproject.cafeblog.hu\/files\/2013\/10\/DSCF1801.jpg\"><img class=\"size-large wp-image-844 aligncenter\" src=\"https:\/\/palmafaproject.cafeblog.hu\/files\/2013\/10\/DSCF1801-337x600.jpg\" alt=\"DSCF1801\" width=\"337\" height=\"600\" \/><\/a>A v\u00e9geredm\u00e9ny pedig ism\u00e9t j\u00f3 p\u00e9ld\u00e1ja annak, hogy ami alakbar\u00e1t az igenis lehet finom. Szerintem reggelire, vagy \"\u00e9gazs\u00edr\u00e9gazs\u00edr\" edz\u00e9sek el\u0151tt p\u00e1r szelet bel\u0151le t\u00f6k\u00e9letes sz\u00e9nhidr\u00e1tforr\u00e1s, hiszen a \u00e9letm\u00f3dv\u00e1lt\u00e1s tov\u00e1bbra sem az \u00e9hez\u00e9sr\u0151l sz\u00f3l. \u00a0Ez nem kiz\u00e1r\u00f3lag csajos kaja, f\u00e9rfi ember is megk\u00f3stolta \u00e9s el\u00e9gedetten nyammogta el!\r\n<a href=\"https:\/\/palmafaproject.cafeblog.hu\/files\/2013\/10\/DSCF1803.jpg\"><img class=\"size-large wp-image-845 aligncenter\" src=\"https:\/\/palmafaproject.cafeblog.hu\/files\/2013\/10\/DSCF1803-600x337.jpg\" alt=\"DSCF1803\" width=\"600\" height=\"337\" \/><\/a><strong>Hozz\u00e1val\u00f3k:<\/strong>\r\n\r\n25 dkg zabpehely\r\n\r\nf\u00e9l kg reszelt alma\r\n\r\n2 toj\u00e1s\r\n\r\n10 dkg vaj\r\n\r\n1 mokk\u00e1skan\u00e1l \u0151r\u00f6lt fah\u00e9j\r\n\r\n1 mokk\u00e1skan\u00e1l \u0151r\u00f6lt gy\u00f6mb\u00e9r(elhagyhat\u00f3)\r\n\r\n1 csipet sz\u00f3dabikarb\u00f3na\r\n\r\n5 dkg ny\u00edrfacukor\r\n\r\np\u00e1r ev\u0151kan\u00e1l k\u00f3kuszreszel\u00e9k a tetej\u00e9re vagy apr\u00f3ra v\u00e1gott di\u00f3\r\n<p style=\"text-align: justify\">A s\u00fct\u0151t el\u0151meleg\u00edtettem 200 fokra. Az alm\u00e1kat nem musz\u00e1j megh\u00e1mozni, de mivel az eny\u00e9m el\u00e9g vastag h\u00e9j\u00fa volt, ez\u00e9rt megtettem, majd megsz\u00f3rtam fah\u00e9jjal \u00e9s gy\u00f6mb\u00e9rrel. A vajat felolvasztottam \u00e9s a zabpehelyhez kevertem a felvert toj\u00e1ssal \u00e9s csipet sz\u00f3dabikarb\u00f3n\u00e1val egy\u00fctt. Majd hozz\u00e1forgattam az alm\u00e1t is. Egy 20x30-as tepsit kib\u00e9leltem s\u00fct\u0151pap\u00edrral \u00e9s egyenletesen beleter\u00edtettem majd picit lenyomkodtam a massz\u00e1t. A tetej\u00e9t v\u00e9konyan megsz\u00f3rtam k\u00f3kuszreszel\u00e9kkel \u00e9s kb. 20 percig s\u00fct\u00f6ttem.<\/p>\r\n<p style=\"text-align: justify\">Ha megv\u00e1rjuk m\u00edg kih\u0171l akkor sz\u00e9pen szeletelhet\u0151. Szerintetek P\u00e1lmafa gyermeke megv\u00e1rta?? A helyes v\u00e1lasz a hat\u00e1rozott nem. Egy sort m\u00e9g gyorsan meleg\u00e9ben mag\u00e1\u00e9v\u00e1 tett \u00e9s hat\u00e1rozottan nem b\u00e1nta meg. Am\u00fagy napokig el\u00e1ll.<\/p>\r\n<a href=\"https:\/\/palmafaproject.cafeblog.hu\/files\/2013\/10\/DSCF1816.jpg\"><img class=\"size-large wp-image-846 aligncenter\" src=\"https:\/\/palmafaproject.cafeblog.hu\/files\/2013\/10\/DSCF1816-337x600.jpg\" alt=\"DSCF1816\" width=\"337\" height=\"600\" \/><\/a>\r\n<p style=\"text-align: justify\"><\/p>","type":"rich"}